{"id":1730,"date":"2019-04-25T09:19:20","date_gmt":"2019-04-25T07:19:20","guid":{"rendered":"https:\/\/websites.fraunhofer.de\/seniordesignlab\/?post_type=project&#038;p=1730"},"modified":"2019-08-16T10:59:23","modified_gmt":"2019-08-16T08:59:23","slug":"workshop-design-thinking","status":"publish","type":"project","link":"https:\/\/seniordesignlab.de\/index.php\/project\/workshop-design-thinking\/","title":{"rendered":"29.04.2019 \u2013 Design-Thinking-Workshop in Dortmund"},"content":{"rendered":"<p>[et_pb_section fb_built=&#8220;1&#8243; disabled_on=&#8220;off|off|off&#8220; _builder_version=&#8220;3.24&#8243; background_color=&#8220;#67ada8&#8243; custom_padding=&#8220;100px|0px|100px|0px|false|false&#8220;][et_pb_row custom_padding=&#8220;40px|40px|40px|40px|false|false&#8220; disabled_on=&#8220;off|off|off&#8220; _builder_version=&#8220;3.25&#8243; background_color=&#8220;#fbf0b9&#8243;][et_pb_column type=&#8220;4_4&#8243; _builder_version=&#8220;3.25&#8243; custom_padding=&#8220;|||&#8220; custom_padding__hover=&#8220;|||&#8220;][et_pb_text _builder_version=&#8220;3.22.7&#8243; text_font=&#8220;Roboto||||||||&#8220; text_text_color=&#8220;#32454c&#8220; text_font_size=&#8220;50px&#8220; text_line_height=&#8220;1.2em&#8220; header_font=&#8220;||||||||&#8220; header_text_color=&#8220;#fbf0b9&#8243; header_font_size=&#8220;55px&#8220; custom_margin=&#8220;||&#8220;]<\/p>\n<p style=\"text-align: center;\">Design-Thinking-Workshop in Dortmund<\/p>\n<p>[\/et_pb_text][\/et_pb_column][\/et_pb_row][et_pb_row custom_padding=&#8220;0px|40px|40px|40px|false|false&#8220; disabled_on=&#8220;off|off|off&#8220; _builder_version=&#8220;3.25&#8243; background_color=&#8220;#fbf0b9&#8243;][et_pb_column type=&#8220;4_4&#8243; _builder_version=&#8220;3.25&#8243; custom_padding=&#8220;|||&#8220; custom_padding__hover=&#8220;|||&#8220;][et_pb_image src=&#8220;https:\/\/seniordesignlab.de\/wp-content\/uploads\/2019\/04\/CET-Programm.png&#8220; align=&#8220;center&#8220; align_tablet=&#8220;center&#8220; align_last_edited=&#8220;on|desktop&#8220; _builder_version=&#8220;3.23&#8243;][\/et_pb_image][\/et_pb_column][\/et_pb_row][et_pb_row column_structure=&#8220;2_5,3_5&#8243; custom_padding=&#8220;40px|40px|40px|40px|false|false&#8220; custom_margin=&#8220;||&#8220; _builder_version=&#8220;3.25&#8243; background_color=&#8220;#fbf0b9&#8243;][et_pb_column type=&#8220;2_5&#8243; _builder_version=&#8220;3.25&#8243; custom_padding=&#8220;|||&#8220; custom_padding__hover=&#8220;|||&#8220;][et_pb_text _builder_version=&#8220;3.19.15&#8243; text_font=&#8220;Roboto||||||||&#8220; text_text_color=&#8220;#32454c&#8220; text_font_size=&#8220;20px&#8220; text_line_height=&#8220;1.2em&#8220; header_font=&#8220;||||||||&#8220; text_orientation=&#8220;right&#8220; custom_margin=&#8220;||&#8220; custom_padding=&#8220;|20px|0px|&#8220;]<\/p>\n<p>Wann?<\/p>\n<p>[\/et_pb_text][\/et_pb_column][et_pb_column type=&#8220;3_5&#8243; _builder_version=&#8220;3.25&#8243; custom_padding=&#8220;|||&#8220; custom_padding__hover=&#8220;|||&#8220;][et_pb_text _builder_version=&#8220;3.21.1&#8243; text_font=&#8220;Roboto||||||||&#8220; text_text_color=&#8220;#32454c&#8220; text_font_size=&#8220;20px&#8220; text_line_height=&#8220;1.2em&#8220; header_font=&#8220;||||||||&#8220; custom_margin=&#8220;||&#8220; custom_padding=&#8220;|20px|0px|&#8220;]<\/p>\n<p><span style=\"color: #649600;\">29. April 2019, 10 \u2013 14 Uhr<\/span><\/p>\n<p>[\/et_pb_text][\/et_pb_column][\/et_pb_row][et_pb_row column_structure=&#8220;2_5,3_5&#8243; custom_padding=&#8220;0px|40px|40px|40px|false|false&#8220; custom_margin=&#8220;||&#8220; _builder_version=&#8220;3.25&#8243; background_color=&#8220;#fbf0b9&#8243;][et_pb_column type=&#8220;2_5&#8243; _builder_version=&#8220;3.25&#8243; custom_padding=&#8220;|||&#8220; custom_padding__hover=&#8220;|||&#8220;][et_pb_text _builder_version=&#8220;3.19.15&#8243; text_font=&#8220;Roboto||||||||&#8220; text_text_color=&#8220;#32454c&#8220; text_font_size=&#8220;20px&#8220; text_line_height=&#8220;1.2em&#8220; header_font=&#8220;||||||||&#8220; text_orientation=&#8220;right&#8220; custom_margin=&#8220;||&#8220; custom_padding=&#8220;|20px|0px|&#8220;]<\/p>\n<p>Wo?<\/p>\n<p>[\/et_pb_text][\/et_pb_column][et_pb_column type=&#8220;3_5&#8243; _builder_version=&#8220;3.25&#8243; custom_padding=&#8220;|||&#8220; custom_padding__hover=&#8220;|||&#8220;][et_pb_text _builder_version=&#8220;3.21.1&#8243; text_font=&#8220;Roboto||||||||&#8220; text_text_color=&#8220;#32454c&#8220; text_font_size=&#8220;20px&#8220; text_line_height=&#8220;1.2em&#8220; header_font=&#8220;||||||||&#8220; custom_margin=&#8220;||&#8220; custom_padding=&#8220;|20px|0px|&#8220;]<\/p>\n<p>Centrum f\u00fcr Entrepreneurship &amp; Transfer<br \/>Friedrich-W\u00f6hler-Weg 6<br \/>44227 Dortmund<\/p>\n<p>[\/et_pb_text][\/et_pb_column][\/et_pb_row][et_pb_row column_structure=&#8220;2_5,3_5&#8243; custom_padding=&#8220;0|40px|40px|40px|false|false&#8220; custom_margin=&#8220;||&#8220; _builder_version=&#8220;3.25&#8243; background_color=&#8220;#fbf0b9&#8243;][et_pb_column type=&#8220;2_5&#8243; _builder_version=&#8220;3.25&#8243; custom_padding=&#8220;|||&#8220; custom_padding__hover=&#8220;|||&#8220;][et_pb_text _builder_version=&#8220;3.19.15&#8243; text_font=&#8220;Roboto||||||||&#8220; text_text_color=&#8220;#32454c&#8220; text_font_size=&#8220;20px&#8220; text_line_height=&#8220;1.2em&#8220; header_font=&#8220;||||||||&#8220; text_orientation=&#8220;right&#8220; custom_margin=&#8220;||&#8220; custom_padding=&#8220;|20px|0px|&#8220;]<\/p>\n<p><span class=\"LrzXr\">Was?<\/span><\/p>\n<p>[\/et_pb_text][\/et_pb_column][et_pb_column type=&#8220;3_5&#8243; _builder_version=&#8220;3.25&#8243; custom_padding=&#8220;|||&#8220; custom_padding__hover=&#8220;|||&#8220;][et_pb_text _builder_version=&#8220;3.19.18&#8243; text_font=&#8220;Roboto||||||||&#8220; text_text_color=&#8220;#32454c&#8220; text_font_size=&#8220;20px&#8220; text_line_height=&#8220;1.2em&#8220; header_font=&#8220;||||||||&#8220; custom_margin=&#8220;||&#8220; custom_padding=&#8220;|20px|0px|&#8220;]<\/p>\n<p><span class=\"LrzXr\">Lernen Sie unser aktuelles &#8222;+Senior Design Thinking&#8220; kennen! Sie haben eine Idee f\u00fcr ein Produkt oder eine Dienstleistung und wollen herausfinden, ob diese den Bed\u00fcrfnissen und Problemen der Kunden entspricht? Dann ist Design Thinking genau die richtige Methode! Die nutzerorientierte Sichtweise bildet den Grundstein eines iterativen Prozesses, der sich in mehreren Durchg\u00e4ngen einer L\u00f6sung ann\u00e4hert, die den Anwendern einen echten Mehrwert bietet. <\/span><\/p>\n<p>[\/et_pb_text][\/et_pb_column][\/et_pb_row][et_pb_row column_structure=&#8220;2_5,3_5&#8243; custom_padding=&#8220;0px|40px|40px|40px|false|false&#8220; custom_margin=&#8220;||&#8220; _builder_version=&#8220;3.25&#8243; background_color=&#8220;#fbf0b9&#8243;][et_pb_column type=&#8220;2_5&#8243; _builder_version=&#8220;3.25&#8243; custom_padding=&#8220;|||&#8220; custom_padding__hover=&#8220;|||&#8220;][\/et_pb_column][et_pb_column type=&#8220;3_5&#8243; _builder_version=&#8220;3.25&#8243; custom_padding=&#8220;|||&#8220; custom_padding__hover=&#8220;|||&#8220;][et_pb_text _builder_version=&#8220;3.21&#8243; text_font=&#8220;Roboto|300|||||||&#8220; text_text_color=&#8220;#32454c&#8220; text_font_size=&#8220;20px&#8220; text_line_height=&#8220;1.2em&#8220; header_font=&#8220;||||||||&#8220; custom_margin=&#8220;||&#8220; custom_padding=&#8220;|20px|0px|&#8220;]<\/p>\n<p><span class=\"LrzXr\">Das tagesaktuelle Weiterbildungsprogramm: www.cet.tu-dortmund.de\/cms\/de\/Leistungen\/Qualifizierung\/<\/span><\/p>\n<p>[\/et_pb_text][\/et_pb_column][\/et_pb_row][et_pb_row column_structure=&#8220;2_5,3_5&#8243; custom_padding=&#8220;0|40px|40px|40px|false|false&#8220; custom_margin=&#8220;||&#8220; _builder_version=&#8220;3.25&#8243; background_color=&#8220;#fbf0b9&#8243;][et_pb_column type=&#8220;2_5&#8243; _builder_version=&#8220;3.25&#8243; custom_padding=&#8220;|||&#8220; custom_padding__hover=&#8220;|||&#8220;][et_pb_text _builder_version=&#8220;3.19.15&#8243; text_font=&#8220;Roboto||||||||&#8220; text_text_color=&#8220;#32454c&#8220; text_font_size=&#8220;20px&#8220; text_line_height=&#8220;1.2em&#8220; header_font=&#8220;||||||||&#8220; text_orientation=&#8220;right&#8220; custom_margin=&#8220;||&#8220; custom_padding=&#8220;|20px|0px|&#8220;]<span class=\"LrzXr\">F\u00fcr wen?<\/span><br \/>\n[\/et_pb_text][\/et_pb_column][et_pb_column type=&#8220;3_5&#8243; _builder_version=&#8220;3.25&#8243; custom_padding=&#8220;|||&#8220; custom_padding__hover=&#8220;|||&#8220;][et_pb_text _builder_version=&#8220;3.19.15&#8243; text_font=&#8220;Roboto|300|||||||&#8220; text_text_color=&#8220;#32454c&#8220; text_font_size=&#8220;20px&#8220; text_line_height=&#8220;1.2em&#8220; header_font=&#8220;||||||||&#8220; custom_margin=&#8220;||&#8220; custom_padding=&#8220;|20px|0px|&#8220;]<\/p>\n<p><span class=\"LrzXr\">Teilnehmen k\u00f6nnen alle, die sich f\u00fcr Design Thinking interessieren. Schwerpunkt ist der empathische Zugang zu Senioren, um bedarfsgerechte Produkte und Services f\u00fcr den demografischen Wandel entwickeln zu k\u00f6nnen <br \/><\/span><\/p>\n<p>[\/et_pb_text][\/et_pb_column][\/et_pb_row][et_pb_row column_structure=&#8220;2_5,3_5&#8243; custom_padding=&#8220;0|40px|80px|40px|false|false&#8220; custom_margin=&#8220;||&#8220; _builder_version=&#8220;3.25&#8243; background_color=&#8220;#fbf0b9&#8243;][et_pb_column type=&#8220;2_5&#8243; _builder_version=&#8220;3.25&#8243; custom_padding=&#8220;|||&#8220; custom_padding__hover=&#8220;|||&#8220;][et_pb_text _builder_version=&#8220;3.19.18&#8243; text_font=&#8220;Roboto||||||||&#8220; text_text_color=&#8220;#32454c&#8220; text_font_size=&#8220;20px&#8220; text_line_height=&#8220;1.2em&#8220; header_font=&#8220;||||||||&#8220; text_orientation=&#8220;right&#8220; custom_margin=&#8220;||&#8220; custom_padding=&#8220;|20px|0px|&#8220;]<span class=\"LrzXr\">Anmeldung<\/span><br \/>\n[\/et_pb_text][\/et_pb_column][et_pb_column type=&#8220;3_5&#8243; _builder_version=&#8220;3.25&#8243; custom_padding=&#8220;|||&#8220; custom_padding__hover=&#8220;|||&#8220;][et_pb_text _builder_version=&#8220;3.25.4&#8243; text_font=&#8220;Roboto||||||||&#8220; text_text_color=&#8220;#32454c&#8220; text_font_size=&#8220;20px&#8220; text_line_height=&#8220;1.2em&#8220; header_font=&#8220;||||||||&#8220; custom_margin=&#8220;||&#8220; custom_padding=&#8220;|20px|0px|&#8220;]<\/p>\n<p>Die Anmeldefrist endete am 26. April 2019.<\/p>\n<p>[\/et_pb_text][et_pb_text disabled_on=&#8220;on|on|on&#8220; _builder_version=&#8220;3.25.4&#8243; text_font=&#8220;Roboto||||||||&#8220; text_text_color=&#8220;#32454c&#8220; text_font_size=&#8220;20px&#8220; text_line_height=&#8220;1.2em&#8220; header_font=&#8220;||||||||&#8220; custom_margin=&#8220;||&#8220; custom_padding=&#8220;|20px|0px|&#8220; disabled=&#8220;on&#8220;]<\/p>\n<p>Bis zum 26. April 2019 bei\u00a0 Lilian Meller: 0231-755 8298 oder per E-Mail: lilian.meller@tu-dortmund.de.<\/p>\n<p>[\/et_pb_text][et_pb_text disabled_on=&#8220;on|on|on&#8220; _builder_version=&#8220;3.25.4&#8243; text_font=&#8220;Roboto|300|||||||&#8220; text_text_color=&#8220;#32454c&#8220; text_font_size=&#8220;20px&#8220; text_line_height=&#8220;1.2em&#8220; header_font=&#8220;||||||||&#8220; custom_margin=&#8220;||&#8220; custom_padding=&#8220;|20px|0px|&#8220; disabled=&#8220;on&#8220;]<\/p>\n<p>Die Teilnahme an der Veranstaltung ist kostenlos. F\u00fcr unsere Vorbereitungen und um Sie kurzfristig \u00fcber \u00c4nderungen zu informieren, bitten wir Sie jedoch, sich mit Ihrem Namen und Ihrer Telefonnummer anzumelden. Ihre Daten werden nicht an Dritte weitergegeben und nach der Veranstaltung gel\u00f6scht.<\/p>\n<p>[\/et_pb_text][\/et_pb_column][\/et_pb_row][\/et_pb_section]<\/p>\n","protected":false},"excerpt":{"rendered":"<p>Design-Thinking-Workshop in DortmundWann? 29. April 2019, 10 \u2013 14 UhrWo? Centrum f\u00fcr Entrepreneurship &amp; TransferFriedrich-W\u00f6hler-Weg 644227 DortmundWas? Lernen Sie unser aktuelles &#8222;+Senior Design Thinking&#8220; kennen! Sie haben eine Idee f\u00fcr ein Produkt oder eine Dienstleistung und wollen herausfinden, ob diese den Bed\u00fcrfnissen und Problemen der Kunden entspricht? Dann ist Design Thinking genau die richtige Methode! [&hellip;]<\/p>\n","protected":false},"author":3,"featured_media":1735,"comment_status":"closed","ping_status":"closed","template":"","meta":{"_et_pb_use_builder":"on","_et_pb_old_content":"","_et_gb_content_width":"","footnotes":""},"project_category":[32],"project_tag":[15,14,17,16],"class_list":["post-1730","project","type-project","status-publish","has-post-thumbnail","hentry","project_category-vergangene-termine","project_tag-senior-design-thinking","project_tag-design-thinking","project_tag-ideengeber","project_tag-ideengebernachmittag"],"_links":{"self":[{"href":"https:\/\/seniordesignlab.de\/index.php\/wp-json\/wp\/v2\/project\/1730","targetHints":{"allow":["GET"]}}],"collection":[{"href":"https:\/\/seniordesignlab.de\/index.php\/wp-json\/wp\/v2\/project"}],"about":[{"href":"https:\/\/seniordesignlab.de\/index.php\/wp-json\/wp\/v2\/types\/project"}],"author":[{"embeddable":true,"href":"https:\/\/seniordesignlab.de\/index.php\/wp-json\/wp\/v2\/users\/3"}],"replies":[{"embeddable":true,"href":"https:\/\/seniordesignlab.de\/index.php\/wp-json\/wp\/v2\/comments?post=1730"}],"version-history":[{"count":16,"href":"https:\/\/seniordesignlab.de\/index.php\/wp-json\/wp\/v2\/project\/1730\/revisions"}],"predecessor-version":[{"id":2263,"href":"https:\/\/seniordesignlab.de\/index.php\/wp-json\/wp\/v2\/project\/1730\/revisions\/2263"}],"wp:featuredmedia":[{"embeddable":true,"href":"https:\/\/seniordesignlab.de\/index.php\/wp-json\/wp\/v2\/media\/1735"}],"wp:attachment":[{"href":"https:\/\/seniordesignlab.de\/index.php\/wp-json\/wp\/v2\/media?parent=1730"}],"wp:term":[{"taxonomy":"project_category","embeddable":true,"href":"https:\/\/seniordesignlab.de\/index.php\/wp-json\/wp\/v2\/project_category?post=1730"},{"taxonomy":"project_tag","embeddable":true,"href":"https:\/\/seniordesignlab.de\/index.php\/wp-json\/wp\/v2\/project_tag?post=1730"}],"curies":[{"name":"wp","href":"https:\/\/api.w.org\/{rel}","templated":true}]}}